{"id":40132,"date":"2021-06-08T12:48:39","date_gmt":"2021-06-08T11:48:39","guid":{"rendered":"https:\/\/www.mijas.es\/portal\/?page_id=40132"},"modified":"2021-08-26T13:17:28","modified_gmt":"2021-08-26T12:17:28","slug":"fomento-empleo","status":"publish","type":"page","link":"https:\/\/www.mijas.es\/portal\/fomento-empleo\/","title":{"rendered":"Fomento del empleo &#8211; Fomento del Empleo"},"content":{"rendered":"\n<div class=\"accordian\" style=\"width: 795px; height: 447px;overflow: hidden;margin: 10px auto;box-shadow: 0 0 10px 1px rgba(0, 0, 0, 0.35);-webkit-box-shadow: 0 0 10px 1px rgba(0, 0, 0, 0.35);-moz-box-shadow: 0 0 10px 1px rgba(0, 0, 0, 0.35);\">\n    <ul style=\"width: 1200px;\">\n\t\t<li>\n\t\t\t<div class=\"image_title\" style=\"background: rgba(0, 0, 0, 0.5);\n\tposition: absolute;\n\tleft: 0; bottom: 0;\t\nwidth: 650px;\t\">\n\t\t\t<\/div> \n\t\t\t\n\t\t\t\t<img decoding=\"async\" src=\"https:\/\/www.mijas.es\/wp-content\/uploads\/2021\/07\/3.png\">\n\t\t<\/li>\n\t\t<li>\n\t\t\t<div class=\"image_title\">\n\t\t\t<\/div>\n\t\t\t\t<img decoding=\"async\" src=\"https:\/\/www.mijas.es\/wp-content\/uploads\/2021\/07\/cabecera-fomento-04.png\">\n\t\t<\/li>\n\t\t<li>\n\t\t\t<div class=\"image_title\">\n\t\t\t<\/div>\n\t\t\t\t<img decoding=\"async\" src=\"https:\/\/www.mijas.es\/wp-content\/uploads\/2021\/05\/2-2.png\"\t\t\n\t\t<\/li>\n\t\t<li>\n\t\t\t<div class=\"image_title\">\n\t\t\t<\/div>\n\t\t\t\t<img decoding=\"async\" src=\"https:\/\/www.mijas.es\/wp-content\/uploads\/2021\/07\/cabecera-fomento-2.png\">\n\t\t<\/li>\n\t\t<li>\n\t\t\t<div class=\"image_title\">\t\t\n\t\t\t<\/div>\n\t\t\t\t<img decoding=\"async\" src=\"https:\/\/www.mijas.es\/wp-content\/uploads\/2021\/07\/6.png\">\t\n\t\t<\/li>\n\t<\/ul>\n<\/div>\n<style>\n\n\n\n.accordian li {\n\tposition: relative;\n\tdisplay: block;\n\twidth: 160px;\n\tfloat: left;\n\t\tborder-left: 1px solid #888;\n\t\tbox-shadow: 0 0 25px 10px rgba(0, 0, 0, 0.5);\n\t-webkit-box-shadow: 0 0 25px 10px rgba(0, 0, 0, 0.5);\n\t-moz-box-shadow: 0 0 25px 10px rgba(0, 0, 0, 0.5);\n\t\t\ttransition: all 0.5s;\n\t-webkit-transition: all 0.5s;\n\t-moz-transition: all 0.5s;\n\t\n}\n\n.accordian ul:hover li {width: 40px;}\n.accordian ul li:hover {width: 650px;}\n.accordian li img {\n\tdisplay: block;\n}\n\n<\/style>\n\n\n\n<div style=\"height:65px\" aria-hidden=\"true\" class=\"wp-block-spacer\"><\/div>\n\n\n\n<p class=\"has-text-align-center has-text-color\">\n<img decoding=\"async\" class=\"mx-auto\" src=\"https:\/\/www.mijas.es\/wp-content\/uploads\/2021\/07\/icono-fomento.gif\" widht=\"130px\" height=\"130px\"><\/p><br>\n\n<h2 class=\"has-text-align-center has-text-color\" style=\"color:#649fc1\">\u00c1REA DE FOMENTO DEL EMPLEO<\/h2>\n\n\n\n<section id=\"why-uss\" class=\"why-uss\">\n      <div class=\"container flex align-items-center justify-content-center\">\n        <div class=\"section-title align-items-center justify-content-center\"><br>\n<p class=\"has-text-align-justify\">El \u00c1rea de Fomento del Empleo del Ayuntamiento de Mijas tiene por objeto planificar y desarrollar las pol\u00edticas de promoci\u00f3n econ\u00f3mica y de empleo en el municipio. A trav\u00e9s del \u00c1rea de Fomento del Empleo apoyamos las iniciativas emprendedoras de los vecinos, asesor\u00e1ndoles sobre la creaci\u00f3n o modernizaci\u00f3n de empresas, informando sobre subvenciones p\u00fablicas e impulsando el desarrollo local mediante cursos de formaci\u00f3n y estudios de las necesidades del mercado laboral.<\/p>\n \n<\/div>\n\n\n\n<div style=\"height:63px\" aria-hidden=\"true\" class=\"wp-block-spacer\"><\/div>\n\n\n\n<div class=\"section-title\">\n          <h2 class=\"has-text-align-center has-text-color\" style=\" position: absolute;left: 0;right: 0;font-size: 20px; font-weight: 700;letter-spacing: 2px;line-height: 1px; margin: 0 0 5px 0; letter-spacing: 2px; color: #f0f1f3;  text-transform: uppercase;  font-family: \" poppins\",=\"\" sans-serif;\"=\"\">SERVICIOS<\/h2><\/div>\n<h3 class=\"has-text-align-center has-text-color\" style=\"color:#E9D8A2;font-size:28px\">SERVICIOS<\/h3>\n<h3 class=\"has-text-align-center has-text-color\" style=\"color:#649fc1\">EL \u00c1REA SE ESTRUCTURA EN 3 SERVICIOS<\/h3>\n<div style=\" border-bottom:1px solid #E9D8A2; text-align:center\"><\/div><br>\n<div class=\"row\">\n          <div class=\"col-lg-4\">\n            <div class=\"box\" style=\"padding: 30px 30px;box-shadow: 0px 2px 15px rgba(0, 0, 0, 0.1);transition: all ease-in-out 0.3s;\">\n              <span style=\" display: block;font-size: 28px; font-weight: 700;color: #e9d8a2;\">01<\/span>\n                <h4 style=\"  font-size: 24px; font-weight: 600;  padding: 0; margin: 20px 0;\n  color: #abb8c3;line-height: 25px;\">SERVICIO DE<BR>FORMACI\u00d3N<BR>Y EMPLEO<\/h4>         \n            <\/div>\n          <\/div>\n          <div class=\"col-lg-4 mt-4 mt-lg-0\">\n            <div class=\"box\" style=\"  padding: 30px 30px;box-shadow: 0px 2px 15px rgba(0, 0, 0, 0.1); transition: all ease-in-out 0.3s;\">\n              <span style=\" display: block;font-size: 28px;font-weight: 700;color: #e9d8a2;\" >02<\/span>\n                <h4 style=\"  font-size: 24px; font-weight: 600;  padding: 0; margin: 20px 0;\n  color: #abb8c3;line-height: 25px;\">SERVICIO DE<BR>PROMOCION EMPRESARIAL<\/h4>\n       \n            <\/div>\n          <\/div>\n          <div class=\"col-lg-4 mt-4 mt-lg-0\">\n            <div class=\"box\" style=\"  padding: 30px 30px; box-shadow: 0px 2px 15px rgba(0, 0, 0, 0.1);transition: all ease-in-out 0.3s;\">\n              <span style=\" display: block;font-size: 28px;font-weight: 700;color: #e9d8a2;\">03<\/span>\n              <h4 style=\"  font-size: 24px; font-weight: 600;  padding: 0; margin: 20px 0;\n  color: #abb8c3;line-height: 25px;\">SERVICIO DE <BR>DESARROLLO LOCAL<\/h4>\n                       <\/div>\n          <\/div>\n        <\/div>\n      <\/div>\n\n\n\n<style>\n.why-uss .box:hover {\n  background: #e9d8a2;\n  padding: 30px 30px 70px 30px;\n  box-shadow: 10px 15px 30px rgba(0, 0, 0, 0.18);\n}\n\n.why-uss .box:hover span, .why-uss .box:hover h4, .why-uss .box:hover p {\n  color: #fff;\n}\n\n<\/style>\n<\/section>\n\n\n\n<div style=\"height:92px\" aria-hidden=\"true\" class=\"wp-block-spacer\"><\/div>\n\n\n\n<div class=\"section-title\">\n      <h2 class=\"has-text-align-center has-text-color\" style=\" position: absolute;left: 0;right: 0;font-size: 22px; font-weight: 700;letter-spacing: 2px;line-height: 1px; margin: 0 0 5px 0;color: #f0f1f3;  text-transform: uppercase;  font-family: \" poppins\",=\"\" sans-serif;\"=\"\">MEN\u00da \u00c1REA FOMENTO DEL EMPLEO<\/h2><\/div>\n<h3 class=\"has-text-align-center has-text-color\" style=\"color:#E6cf85;font-size:28px\">MEN\u00da AREA FOMENTO DEL EMPLEO<\/h3>\n\n\n\n<div style=\"height:59px\" aria-hidden=\"true\" class=\"wp-block-spacer\"><\/div>\n\n\n\n<h2 class=\"has-text-align-center has-text-color\" style=\"color:#649fc1;font-size:26px\">DEMANDANTES DE EMPLEO<\/h2>\n<div style=\" border-bottom:1px solid #E6cf85; text-align:center\"><\/div>\n\n\n\n<div style=\"height:43px\" aria-hidden=\"true\" class=\"wp-block-spacer\"><\/div>\n\n\n\n<div class=\"container\">\n<div class=\"row d-flex align-text-center\">\n  <div class=\"col-sm-3\">\n     <div class=\"ih-item circle effect3 left_to_right\"><a href=\"https:\/\/www.mijas.es\/portal\/fomento\/bolsa-empleo-externa-informacion-general-fomento-del-empleo\/\">\n        <div class=\"img1\"><img decoding=\"async\" src=\"https:\/\/www.mijas.es\/wp-content\/uploads\/2021\/07\/1-1.png\" alt=\"\"><\/div>\n        <div class=\"info\">\n          <h3>BOLSA DE EMPL.EXT.<\/h3>\n          <p>Pincha Aqu\u00ed<\/p>\n        <\/div><\/a><\/div>\n\t\t<p><\/p>\n        <h4 class=\"has-text-align-center has-text-color\" style=\"color:#3e8e96;\">BOLSA DE EMPLEO EXTERNA<\/h4>\n        <br><br>\n        <p class=\"has-text-align-center has-text-color\"><a style=\"font-size:14px;\" class=\"btn btn-outline-secondary\" href=\"https:\/\/www.mijas.es\/portal\/fomento\/bolsa-empleo-externa-informacion-general-fomento-del-empleo\/\">IR A LA P\u00c1GINA<\/a><\/p>\n   <\/div>\n  <div class=\"col-sm-3\">\n     <div class=\"ih-item circle colored effect3 left_to_right\"><a href=\" https:\/\/www.mijas.es\/portal\/fomento\/planes-de-empleo\/\">\n        <div class=\"img1\"><img decoding=\"async\" src=\"https:\/\/www.mijas.es\/wp-content\/uploads\/2021\/07\/2.png\" alt=\"\"><\/div>\n        <div class=\"info\">\n          <h3>PLANES DE EMPLEO<\/h3>\n          <p>Pincha aqu\u00ed<\/p>\n        <\/div><\/a><\/div>\n\t\t<p><\/p>\n        <h4 class=\"has-text-align-center has-text-color\" style=\"color:#3e8e96;\">PROGRAMA DE<BR>PLANES DE EMPLEO<\/h4>\n<br><br>\n        <p  class=\"has-text-align-center has-text-color\"><a style=\"font-size:14px;\" class=\"btn btn-outline-secondary\" href=\" https:\/\/www.mijas.es\/portal\/fomento\/planes-de-empleo\/\">IR A LA P\u00c1GINA<\/a><\/p>\n    \n  <\/div>  \n   <div class=\"col-sm-3\">\n    <div class=\"ih-item circle effect3 left_to_right\"><a href=\" https:\/\/www.mijas.es\/portal\/fomento\/andalucia-orienta\/\">\n        <div class=\"img1\"><img decoding=\"async\" src=\"https:\/\/www.mijas.es\/wp-content\/uploads\/2021\/07\/3-1.png\" alt=\"\"><\/div>\n        <div class=\"info\">\n          <h3>ANDALUCIA ORIENTA<\/h3>\n          <p>Pincha aqu\u00ed<\/p>\n        <\/div><\/a><\/div>\n\t\t\t<p><\/p>\n        <h4 class=\"has-text-align-center has-text-color\" style=\"color:#3e8e96;\">SERVICIO DE ANDALUCIA ORIENTA <\/h4>\n        <br><br>\n        <p class=\"has-text-align-center has-text-color\"><a style=\"font-size:14px;\" class=\"btn btn-outline-secondary\" href=\" https:\/\/www.mijas.es\/portal\/fomento\/andalucia-orienta\/\">IR A LA P\u00c1GINA<\/a><\/p>\n     <\/div> \n \t   <div class=\"col-sm-3\">\n     <div class=\"ih-item circle colored effect3 left_to_right\"><a href=\" https:\/\/www.mijas.es\/portal\/fomento\/renta-social-basica\/ \">\n        <div class=\"img1\"><img decoding=\"async\" class=\"d-block\" src=\"https:\/\/www.mijas.es\/wp-content\/uploads\/2021\/07\/8.png\" alt=\"\"><\/div>\n        <div class=\"info\">\n          <h3>RENTA S.B\u00c1SICA<\/h3>\n          <p>Pincha aqu\u00ed<\/p>\n        <\/div><\/a><\/div>\n\t\t\t<p><\/p>\n        <h4 class=\"has-text-align-center has-text-color\" style=\"color:#3e8e96;\"> PROGRAMA DE<BR>RENTA SOCIAL B\u00c1SICA <\/h4>\n        <br><br>\n        <p class=\"has-text-align-center has-text-color\"><a style=\"font-size:14px;\" class=\"btn btn-outline-secondary\" href=\" https:\/\/www.mijas.es\/portal\/fomento\/renta-social-basica\/ \">IR A LA P\u00c1GINA<\/a><\/p>\n        <\/div> <\/div>\n\n\n\n<style>\na {\n    color: #428bca;\n    text-decoration: none;\n  background: 0 0;\n \n}\n.ih-item {\n  position: relative;\n  -webkit-transition: all 0.35s ease-in-out;\n  -moz-transition: all 0.35s ease-in-out;\n  transition: all 0.35s ease-in-out;\n}\n.ih-item,\n.ih-item * {\n  -webkit-box-sizing: border-box;\n  -moz-box-sizing: border-box;\n  box-sizing: border-box;\n}\n.ih-item a {\n  color: #333;\n}\n.ih-item a:hover {\n  text-decoration: none;\n}\n.ih-item img1 {\n  width: 100%;\n  height: 100%;\n}\n\n.ih-item.circle {\n  position: relative;\n  width: 140px;\n  height: 140px;\n  border-radius: 50%;\npadding-top:0px;\n}\n.ih-item.circle .img1 {\n  position: relative;\n  width:140px;\n  height: 140px;\n  border-radius: 50%;\n\n}\n.ih-item.circle .img1:before {\n  position: absolute;\n  display: block;\n  content: '';\n  width: 100%;\n  height: 100%;\n  border-radius: 50%;\n  box-shadow: inset 0 0 0 16px rgba(255, 255, 255, 0.6), 0 1px 2px rgba(0, 0, 0, 0.3);\n  -webkit-transition: all 0.35s ease-in-out;\n  -moz-transition: all 0.35s ease-in-out;\n  transition: all 0.35s ease-in-out;\n}\n.ih-item.circle .img1 img {\n  border-radius: 50%;\n}\n.ih-item.circle .info {\n  position: absolute;\n  top: 0;\n  bottom: 0;\n  left: 0;\n  right: 0;\n  text-align: center;\n  border-radius: 50%;\n  -webkit-backface-visibility: hidden;\n  backface-visibility: hidden;\n}\n\n\n\n.ih-item.circle.effect3 .img1 {\n  z-index: 11;\n  -webkit-transition: all 0.35s ease-in-out;\n  -moz-transition: all 0.35s ease-in-out;\n  transition: all 0.35s ease-in-out;\n}\n.ih-item.circle.effect3.colored .info {\n  background: #1a4a72;\n}\n.ih-item.circle.effect3 .info {\n  background: #333333;\n  opacity: 0;\n  -webkit-transition: all 0.35s ease-in-out;\n  -moz-transition: all 0.35s ease-in-out;\n  transition: all 0.35s ease-in-out;\n}\n.ih-item.circle.effect3 .info h3 {\n  color: #fff;\n  text-transform: uppercase;\n  position: relative;\n  letter-spacing: 2px;\n  font-size: 13px;\n  margin: 0 25px;\n  padding: 25px 0 0 0;\n  height: 100px;\n  text-shadow: 0 0 1px white, 0 1px 2px rgba(0, 0, 0, 0.3);\n}\n.ih-item.circle.effect3 .info p {\n  color: #bbb;\n  padding: 5px 5px;\n  font-style: italic;\n  margin: 0 20px;\n  font-size: 10px;\n  border-top: 1px solid rgba(255, 255, 255, 0.5);\n}\n\n.ih-item.circle.effect3.left_to_right .img1 {\n  -webkit-transform: scale(1) translateX(0);\n  -moz-transform: scale(1) translateX(0);\n  -ms-transform: scale(1) translateX(0);\n  -o-transform: scale(1) translateX(0);\n  transform: scale(1) translateX(0);\n}\n.ih-item.circle.effect3.left_to_right .info {\n  -webkit-transform: translateX(-100%);\n  -moz-transform: translateX(-100%);\n  -ms-transform: translateX(-100%);\n  -o-transform: translateX(-100%);\n  transform: translateX(-100%);\n}\n.ih-item.circle.effect3.left_to_right a:hover .img1 {\n  -webkit-transform: scale(0.5) translateX(100%);\n  -moz-transform: scale(0.5) translateX(100%);\n  -ms-transform: scale(0.5) translateX(100%);\n  -o-transform: scale(0.5) translateX(100%);\n  transform: scale(0.5) translateX(100%);\n}\n.ih-item.circle.effect3.left_to_right a:hover .info {\n  opacity: 1;\n  -webkit-transform: translateX(0);\n  -moz-transform: translateX(0);\n  -ms-transform: translateX(0);\n  -o-transform: translateX(0);\n  transform: translateX(0);\n}\n\n.ih-item.circle.effect3.right_to_left .img1 {\n  -webkit-transform: scale(1) translateX(0);\n  -moz-transform: scale(1) translateX(0);\n  -ms-transform: scale(1) translateX(0);\n  -o-transform: scale(1) translateX(0);\n  transform: scale(1) translateX(0);\n}\n.ih-item.circle.effect3.right_to_left .info {\n  -webkit-transform: translateX(100%);\n  -moz-transform: translateX(100%);\n  -ms-transform: translateX(100%);\n  -o-transform: translateX(100%);\n  transform: translateX(100%);\n}\n.ih-item.circle.effect3.right_to_left a:hover .img1 {\n  -webkit-transform: scale(0.5) translateX(-100%);\n  -moz-transform: scale(0.5) translateX(-100%);\n  -ms-transform: scale(0.5) translateX(-100%);\n  -o-transform: scale(0.5) translateX(-100%);\n  transform: scale(0.5) translateX(-100%);\n}\n.ih-item.circle.effect3.right_to_left a:hover .info {\n  opacity: 1;\n  -webkit-transform: translateX(0);\n  -moz-transform: translateX(0);\n  -ms-transform: translateX(0);\n  -o-transform: translateX(0);\n  transform: translateX(0);\n}\n\n.ih-item.circle.effect3.top_to_bottom .img1 {\n  -webkit-transform: scale(1) translateY(0);\n  -moz-transform: scale(1) translateY(0);\n  -ms-transform: scale(1) translateY(0);\n  -o-transform: scale(1) translateY(0);\n  transform: scale(1) translateY(0);\n}\n.ih-item.circle.effect3.top_to_bottom .info {\n  -webkit-transform: translateY(-100%);\n  -moz-transform: translateY(-100%);\n  -ms-transform: translateY(-100%);\n  -o-transform: translateY(-100%);\n  transform: translateY(-100%);\n}\n.ih-item.circle.effect3.top_to_bottom a:hover .img1 {\n  -webkit-transform: scale(0.5) translateY(100%);\n  -moz-transform: scale(0.5) translateY(100%);\n  -ms-transform: scale(0.5) translateY(100%);\n  -o-transform: scale(0.5) translateY(100%);\n  transform: scale(0.5) translateY(100%);\n}\n.ih-item.circle.effect3.top_to_bottom a:hover .info {\n  opacity: 1;\n  -webkit-transform: translateY(0);\n  -moz-transform: translateY(0);\n  -ms-transform: translateY(0);\n  -o-transform: translateY(0);\n  transform: translateY(0);\n}\n\n.ih-item.circle.effect3.bottom_to_top .img1 {\n  -webkit-transform: scale(1) translateY(0);\n  -moz-transform: scale(1) translateY(0);\n  -ms-transform: scale(1) translateY(0);\n  -o-transform: scale(1) translateY(0);\n  transform: scale(1) translateY(0);\n}\n.ih-item.circle.effect3.bottom_to_top .info {\n  -webkit-transform: translateY(100%);\n  -moz-transform: translateY(100%);\n  -ms-transform: translateY(100%);\n  -o-transform: translateY(100%);\n  transform: translateY(100%);\n}\n.ih-item.circle.effect3.bottom_to_top a:hover .img1 {\n  -webkit-transform: scale(0.5) translateY(-100%);\n  -moz-transform: scale(0.5) translateY(-100%);\n  -ms-transform: scale(0.5) translateY(-100%);\n  -o-transform: scale(0.5) translateY(-100%);\n  transform: scale(0.5) translateY(-100%);\n}\n.ih-item.circle.effect3.bottom_to_top a:hover .info {\n  opacity: 1;\n  -webkit-transform: translateY(0);\n  -moz-transform: translateY(0);\n  -ms-transform: translateY(0);\n  -o-transform: translateY(0);\n  transform: translateY(0);\n}\n.ih-item.circle.effect5 {\n  -webkit-perspective: 900px;\n  -moz-perspective: 900px;\n  perspective: 900px;\n}\n.ih-item.circle.effect5.colored .info .info-back {\n  background: #1a4a72;\n  background: rgba(26, 74, 114, 0.6);\n}\n.ih-item.circle.effect5 .info {\n  -webkit-transition: all 0.35s ease-in-out;\n  -moz-transition: all 0.35s ease-in-out;\n  transition: all 0.35s ease-in-out;\n  -webkit-transform-style: preserve-3d;\n  -moz-transform-style: preserve-3d;\n  -ms-transform-style: preserve-3d;\n  -o-transform-style: preserve-3d;\n  transform-style: preserve-3d;\n}\n.ih-item.circle.effect5 .info .info-back {\n  visibility: hidden;\n  border-radius: 50%;\n  width: 100%;\n  height: 100%;\n  background: #333333;\n  background: rgba(0, 0, 0, 0.6);\n  -webkit-transform: rotate3d(0, 1, 0, 180deg);\n  -moz-transform: rotate3d(0, 1, 0, 180deg);\n  -ms-transform: rotate3d(0, 1, 0, 180deg);\n  -o-transform: rotate3d(0, 1, 0, 180deg);\n  transform: rotate3d(0, 1, 0, 180deg);\n  -webkit-backface-visibility: hidden;\n  backface-visibility: hidden;\n}\n.ih-item.circle.effect5 .info h3 {\n  color: #fff;\n  text-transform: uppercase;\n  position: relative;\n  letter-spacing: 2px;\n  font-size: 22px;\n  margin: 0 30px;\n  padding: 55px 0 0 0;\n  height: 110px;\n  text-shadow: 0 0 1px white, 0 1px 2px rgba(0, 0, 0, 0.3);\n}\n.ih-item.circle.effect5 .info p {\n  color: #bbb;\n  padding: 10px 5px;\n  font-style: italic;\n  margin: 0 30px;\n  font-size: 12px;\n  border-top: 1px solid rgba(255, 255, 255, 0.5);\n}\n.ih-item.circle.effect5 a:hover .info {\n  -webkit-transform: rotate3d(0, 1, 0, -180deg);\n  -moz-transform: rotate3d(0, 1, 0, -180deg);\n  -ms-transform: rotate3d(0, 1, 0, -180deg);\n  -o-transform: rotate3d(0, 1, 0, -180deg);\n  transform: rotate3d(0, 1, 0, -180deg);\n}\n.ih-item.circle.effect5 a:hover .info .info-back {\n  visibility: visible;\n}\n<\/style>\n\n\n\n<div style=\"height:79px\" aria-hidden=\"true\" class=\"wp-block-spacer\"><\/div>\n\n\n\n<h2 class=\"has-text-align-center has-text-color\" style=\"color:#649fc1;font-size:26px\">\u00c1REA DE FORMACI\u00d3N<\/h2>\n\n\n\n<div style=\" border-bottom:1px solid #E6cf85; text-align:center\"><\/div>\n\n\n\n<h3 class=\"has-text-align-center has-text-color\" style=\"color:#e6cf85\"><strong>SERVICIOS DE FORMACI\u00d3N E INSERCI\u00d3N LABORAL Y EJECUCI\u00d3N DE PROGRAMAS AUTON\u00d3MICOS Y EUROPEOS<\/strong><\/h3>\n\n\n\n<div style=\"height:37px\" aria-hidden=\"true\" class=\"wp-block-spacer\"><\/div>\n\n\n\n<div class=\"container\">\n<div class=\"row d-flex justify-content-center\">\n  <div class=\"col-sm-4\">\n    <div class=\"ih-item circle effect3 left_to_right\"><a href=\"https:\/\/www.mijas.es\/portal\/fomento\/formacion-para-el-empleo\/\" style=\"border-color:#fff;\">\n        <div class=\"img1\"><img decoding=\"async\" src=\"https:\/\/www.mijas.es\/wp-content\/uploads\/2021\/07\/5.png\" alt=\"fomento de empleo mijas\" width=\"140\" height=\"140\"><\/div><br><br>\n        <div class=\"info\">\n             <h3>F.P.E.<\/h3>\n          <p>Pincha Aqu\u00ed<\/p>\n                       <\/div><\/a> <\/div><br><br>\n       <h4 class=\"has-text-align-center has-text-color\" style=\"color:#3e8e96;\">FORMACI\u00d3N PROFESIONAL PARA EL EMPLEO<BR>(F.P.E.)<\/h4>\n<h4 class=\"has-text-align-center has-text-color\" style=\"color:#3e8e96;\">&nbsp;&nbsp;<\/h4>     \n<h5>&nbsp;&nbsp;<\/h5>\n        <p class=\"has-text-align-center has-text-color\"><a style=\"font-size:14px;\" class=\"btn btn-outline-secondary\" href=\"https:\/\/www.mijas.es\/portal\/fomento\/formacion-para-el-empleo\/\">IR A LA P\u00c1GINA<\/a><\/p>\n          <\/div>\n  <div class=\"col-sm-4\">\n    <div class=\"ih-item circle colored effect3 left_to_right\"><a href=\"https:\/\/www.mijas.es\/portal\/fomento\/informacion-mijas-impulsa\/\">\n        <div class=\"img1\"><img decoding=\"async\" src=\"https:\/\/www.mijas.es\/wp-content\/uploads\/2021\/07\/6-1.png\" alt=\"fomento de empleo mijas\" width=\"140\" height=\"140\"><\/div><br><br>\n        <div class=\"info\">\n              <h3>P.O.E.F.E.<BR>MIJAS IMP.<\/h3>\n          <p>Pincha Aqu\u00ed<\/p>\n                 <\/div><\/a><\/div><br><br>\n   <h4 class=\"has-text-align-center has-text-color\" style=\"color:#3e8e96;\">PROGRAMA OPERATIVO DE EMPLEO, FORMACI\u00d3N Y EDUCACI\u00d3N (P.O.E.F.E.)<\/h4>\n<h4 class=\"has-text-align-center has-text-color\" style=\"color:#3e8e96;\">MIJAS IMPULSA<\/h4>\n<h5 class=\"has-text-align-center has-text-color\" style=\"color:#e9d8a2;\">&nbsp;&nbsp;<\/h5>\n        <p class=\"has-text-align-center has-text-color\"><a style=\"font-size:14px;\" class=\"btn btn-outline-secondary\" href=\"https:\/\/www.mijas.es\/portal\/fomento\/informacion-mijas-impulsa\/\">IR A LA P\u00c1GINA<\/a><\/p>\n         <\/div>\n    \n <div class=\"col-sm-4\">\n    <div class=\"ih-item circle colored effect3 left_to_right\"><a href=\"https:\/\/www.mijas.es\/portal\/fomento\/programa-operativo-empleo-juvenil\/\">\n        <div class=\"img1\"><img decoding=\"async\" src=\"https:\/\/www.mijas.es\/wp-content\/uploads\/2021\/07\/7.png\" alt=\"fomento de empleo mijas\" width=\"140\" height=\"140\"><\/div><br><br>\n        <div class=\"info\">\n          <h3>P.O.E.J.<\/h3>\n          <p>Pincha Aqu\u00ed<\/p>\n   <\/div><\/a><\/div><br><br>\n   <h4 class=\"has-text-align-center has-text-color\" style=\"color:#3e8e96;\">PROGRAMA OPERATIVO DE EMPLEO JUVENIL <br>(P.O.E.J.)<\/h4>\n<h4 class=\"has-text-align-center has-text-color\" style=\"color:#3e8e96;\">&nbsp;&nbsp;<\/h4>\n<h5 class=\"has-text-align-center has-text-color\" style=\"color:#e9d8a2;\">&nbsp;&nbsp;<\/h5>\n           <p class=\"has-text-align-center has-text-color\"><a style=\"font-size:14px;\" class=\"btn btn-outline-secondary\" href=\"https:\/\/www.mijas.es\/portal\/fomento\/programa-operativo-empleo-juvenil\/\">IR A LA P\u00c1GINA<\/a><\/p>\n         <\/div>\n        <\/div>\n\n\n\n<div style=\"height:83px\" aria-hidden=\"true\" class=\"wp-block-spacer\"><\/div>\n\n\n\n<h2 class=\"has-text-align-center has-text-color\" style=\"color:#649fc1;font-size:26px\"><\/h2>\n<div class=\"section-title\">\n         <h2 class=\"has-text-align-center has-text-color\" style=\" position: absolute;left: 0;right: 0;font-size: 20px; font-weight: 700;letter-spacing: 2px;line-height: 1px; margin: 0 0 5px 0; letter-spacing: 2px; color: #f0f1f3;  text-transform: uppercase;  font-family: \" poppins\",=\"\" sans-serif;\"=\"\">ACTUACIONES Y ACCIONES<\/h2><\/div>\n<h3 class=\"has-text-align-center has-text-color\" style=\"color:#649FC1;font-size:28px\">ACTUACIONES Y ACCIONES<\/h3>\n<div style=\" border-bottom:1px solid #E6cf85; text-align:center\"><\/div>\n\n\n\n<div style=\"height:51px\" aria-hidden=\"true\" class=\"wp-block-spacer\"><\/div>\n\n\n\n<section id=\"why-us\" class=\"why-us\">\n      <div class=\"container\" data-aos=\"fade-up\">\n        <div class=\"row\">\n          <div class=\"col-md-4 d-flex align-items-stretch\">\n            <div class=\"content\">\n             <h2 class=\"text-custom font-weight-normal mb-3\" style=\"color: #649fc1;\">ACTUACIONES<\/h2>\n              <p>\n                Integra, en el espacio local, las actuaciones de las entidades p\u00fablicas (auton\u00f3mi-cas, nacionales y euro-peas) con competen-cias e intereses en los \u00e1mbitos de:\n              <\/p>\n                        <\/div>\n          <\/div>\n          <div class=\"col-md-8 d-flex\">\n            <div class=\"icon-boxes d-flex flex-column justify-content-center\">\n              <div class=\"row\">\n                <div class=\"col-md-4 d-flex \">\n                  <div class=\"icon-box mt-4 mt-xl-0\">\n<img decoding=\"async\" class=\"d-block mx-auto\" src=\"https:\/\/www.mijas.es\/wp-content\/uploads\/2021\/05\/5-2.png\" widht=\"140px\" height=\"140px\">\n                                    <h4>La Formaci\u00f3n Ocupacional<\/h4>\n                 \n                  <\/div>\n                <\/div>\n                <div class=\"col-md-4 d-flex\">\n                  <div class=\"icon-box mt-4 mt-xl-0\">\n              <img decoding=\"async\" class=\"d-block mx-auto\" src=\"https:\/\/www.mijas.es\/wp-content\/uploads\/2021\/05\/6.png\" widht=\"140px\" height=\"140px\">\n                    <h4>La inserci\u00f3n Sociolaboral<br> de Personas<br>en Desempleo<\/h4>\n                    <p><\/p>\n                  <\/div>\n                <\/div>\n                 <div class=\"col-md-4 d-flex align-items-stretch\">\n                  <div class=\"icon-box mt-4 mt-xl-0\">\n                    <img decoding=\"async\" class=\"d-block mx-auto\" src=\"https:\/\/www.mijas.es\/wp-content\/uploads\/2021\/05\/4.png\" widht=\"140px\" height=\"140px\">\n                    <h4>La Promoci\u00f3n<br>de las <br>Iniciativas Empresariales<\/h4>\n                    <p><\/p>\n                  <\/div>\n                <\/div>\n                             <\/div>\n            <\/div>\n          <\/div>\n        <\/div>\n\n      <\/div>\n    <\/section>\n\n\n\n<style>\n.why-us .content {\n  padding: 30px;\n  background: #e9d8a2;\n  border-radius: 4px;\n  color: #fff;\n}\n.why-us .content h3 {\n  font-weight: 700;\n  font-size: 34px;\n  margin-bottom: 30px;\n}\n\n.why-us .content p {\n  margin-bottom: 30px;\n}\n\n\n.why-us .icon-boxes .icon-box {\n  text-align: center;\n  background: #fff;\n  padding: 5px 5px;\n  width: 100%;\n  border: 1px solid #eef0ef;\n}\n.why-us .icon-boxes .icon-box i {\n  font-size: 32px;\n  padding: 18px;\n  color: #f7a744;\n  margin-bottom: 30px;\n  background: #ecf9f0;\n  border-radius: 50px;\n}\n\n.why-us .icon-boxes .icon-box h4 {\n  font-size: 16px;\n  font-weight: 700;\n  margin: 0 0 30px 0;\ncolor:#e6cf85;\n}\n.why-us .icon-boxes .icon-box p {\n  font-size: 15px;\n  color: #848484;\n}\n.why-us .icon-boxes .icon-box {\n  text-align: center;\n  border-radius: 10px;\n  background: #fff;\n  box-shadow: 0px 2px 15px rgba(0, 0, 0, 0.1);\n  width: 100%;\n  transition: 0.3s;\n}\n.why-us .icon-boxes .icon-box:hover {\n  box-shadow: 0px 5px 25px rgba(0, 0, 0, 0.15);\n}\n.align-items-stretch {\n    -ms-flex-align: stretch;\n    align-items: stretch;\n}\n.d-flex {\n    display: -ms-flexbox!important;\n    display: flex!important;\n}\n@media (min-width: 992px)\n.col-lg-8 {\n    -ms-flex: 0 0 66.666667%;\n    flex: 0 0 66.666667%;\n    max-width: 66.666667%;\n}\n\n<\/style>\n\n\n\n<div style=\"height:109px\" aria-hidden=\"true\" class=\"wp-block-spacer\"><\/div>\n\n\n\n<div class=\"container\">\n    <div class=\"row align-items-center\">\n        <div class=\"col-md-5 col-md-5 order-2 order-md-1 mt-4 pt-2 mt-sm-0 opt-sm-0\">\n            <div class=\"row align-items-center\">\n                <div class=\"col-lg-6 col-md-6 col-5\">\n                    <div class=\"row\">\n                        <div class=\"col-lg-12 col-md-12 mt-4 pt-2\">\n                            <div class=\"card work-desk rounded border-0 shadow-lg overflow-hidden\">\n                                <img decoding=\"async\" src=\"https:\/\/www.mijas.es\/wp-content\/uploads\/2021\/07\/menu7.png\" class=\"img-fluid\" alt=\"\">\n                                <div class=\"img-overlay bg-dark\"><\/div>\n                            <\/div>\n                        <\/div>\n                     \n                        <div class=\"col-12\">\n                            <div class=\"mt-4 pt-2 text-right\">\n                                                         <\/div>\n                        <\/div>\n                    <\/div>\n                             <\/div>\n                       <div class=\"col-lg-6 col-md-6 col-6\">\n                    <div class=\"row\">\n                        <div class=\"col-lg-12 col-md-12\">\n                            <div class=\"card work-desk rounded border-0 shadow-lg overflow-hidden\">\n                                <img decoding=\"async\" src=\"https:\/\/www.mijas.es\/wp-content\/uploads\/2021\/07\/menu4.png\" class=\"img-fluid\" alt=\"\">\n                                <div class=\"img-overlay bg-dark\"><\/div>\n                            <\/div>\n                        <\/div>\n                 \n                        <div class=\"col-lg-12 col-md-12 mt-4 pt-2\">\n                            <div class=\"card work-desk rounded border-0 shadow-lg overflow-hidden\">\n                                <img decoding=\"async\" src=\"https:\/\/www.mijas.es\/wp-content\/uploads\/2021\/07\/menu5.png\" class=\"img-fluid\" alt=\"\">\n                                <div class=\"img-overlay bg-dark\"><\/div>\n                            <\/div>\n                        <\/div>\n                                     <\/div>\n                               <\/div>\n                      <\/div>\n              <\/div>\n <div class=\"col-md-7 col-md-7 col-12 order-1 order-md-2\">\n            <div class=\"section-title ml-lg-2\" style=\"margin-top:3px;\">\n <h2 class=\"has-text-align-center has-text-color\" style=\" position: absolute;font-size: 18px; font-weight: 700;letter-spacing: 2px;line-height: 1px; margin: 0 0 5px 0;color: #f0f1f3;  text-transform: uppercase;  font-family: \" poppins\",=\"\" sans-serif;\"=\"\">&nbsp;ACCIONES<\/h2>\n                <h2 class=\"text-custom font-weight-normal mb-3\" style=\"color: #649fc1;\">ACCIONES<\/h2>\n<div style=\" border-bottom:1px solid #e6cf85; text-align:center\"><\/div>\n                <h4 class=\"title mb-4\"><\/h4>\n                <p class=\"text-muted mb-0\">Las acciones desarrolladas se centran en 5 ejes:<\/p><br>\n                <div class=\"row d-flex justify-content-center align-items-center\">\n                    <div class=\"col-md-6 mt-4 pt-2\">\n                        <div class=\"media align-items-center rounded shadow p-1\">\n                           <img decoding=\"async\" class=\"d-block mx-auto\" src=\"https:\/\/www.mijas.es\/wp-content\/uploads\/2021\/05\/5-2.png\" widht=\"70px\" height=\"70px\">\n                            <p style=\"margin-top: 4px;text-align:left;color:#649fc1;\"><strong>\nFormaci\u00f3n Profesional para el Empleo (FPE)&nbsp;&nbsp;&nbsp;<\/strong><\/p>\n                        <\/div>\n                    <\/div>\n                    <div class=\"col-md-6 mt-4 pt-2\">\n                        <div class=\"media align-items-center rounded shadow p-1\">\n                              <img decoding=\"async\" class=\"d-block mx-auto\" src=\"https:\/\/www.mijas.es\/wp-content\/uploads\/2021\/05\/5-2.png\" widht=\"70px\" height=\"70px\">\n                            <p style=\"margin-top: 4px;text-align:left;color:#e6cf85;\"><strong>Servicio Andaluc\u00eda Orienta<\/strong><\/p>\n                        <\/div>\n                    <\/div>\n                    <div class=\"col-md-6 mt-4 pt-2\">\n                        <div class=\"media align-items-center rounded shadow p-1\">\n                               <img decoding=\"async\" class=\"d-block mx-auto\" src=\"https:\/\/www.mijas.es\/wp-content\/uploads\/2021\/05\/5-2.png\" widht=\"70px\" height=\"70px\">\n                            <p style=\"margin-top: 4px;text-align:left;color:#e6cf85;\"><strong>Programas Europeos (POEFE,POEJ)<\/strong><\/p>\n                        <\/div>\n                    <\/div>\n                    <div class=\"col-md-6 mt-4 pt-2\">\n                         <div class=\"media align-items-center rounded shadow p-1\">\n                               <img decoding=\"async\" class=\"d-block mx-auto\" src=\"https:\/\/www.mijas.es\/wp-content\/uploads\/2021\/05\/5-2.png\" widht=\"70px\" height=\"70px\">\n                            <p style=\"margin-top: 4px;text-align:left;color:#649fc1;\"><strong>Programas Planes de Empleo&nbsp;&nbsp;&nbsp;<\/strong><\/p>\n                       <\/div>\n                    <\/div>\n <div class=\"col-md-6 mt-4 pt-2\">\n                        <div class=\"media align-items-center rounded shadow p-1\">\n                               <img decoding=\"async\" class=\"d-block mx-auto\" src=\"https:\/\/www.mijas.es\/wp-content\/uploads\/2021\/05\/5-2.png\" widht=\"70px\" height=\"70px\">\n                            <p style=\"margin-top: 7px;text-align:left;color:#e6cf85;\"><strong>Bolsa de Empleo Externa<\/strong><\/p>\n                        <\/div>\n                    <\/div>\n\n                <\/div>\n            <\/div>\n        <\/div>\n       <\/div>\n<\/div>\n\n\n\n<div style=\"height:11px\" aria-hidden=\"true\" class=\"wp-block-spacer\"><\/div>\n\n\n\n<div class=\"container my-5 p-4\" style=\"text-align: center;\">\n      <div class=\"row d-flex align-items-center justify-content-center\">\n        <div class=\"col-md-8 \">\n<img decoding=\"async\" class=\"mx-auto\" src=\"https:\/\/www.mijas.es\/wp-content\/uploads\/2021\/07\/icono-fomento.gif\" widht=\"130px\" height=\"130px\"><br><br><br>\n<div class=\"section-title\">\n         <h2 class=\"has-text-align-center has-text-color\" style=\" position: absolute;left: 0;right: 0;font-size: 20px; font-weight: 700;letter-spacing: 2px;line-height: 1px; margin: 0 0 5px 0; letter-spacing: 2px; color: #f0f1f3;  text-transform: uppercase;  font-family: \" poppins\",=\"\" sans-serif;\"=\"\">Contacto<\/h2>\n<h2 style=\"color:#649fc1;font-size:28px; margin-bottom: 5px; padding-bottom: 15px; position: relative; \">CONTACTO<\/h2><div style=\" border-bottom:1px solid #e6cf85; text-align:center\"><\/div>\n        <\/div>\n<div style=\" border-bottom:1px solid #E6cf85; text-align:center\"><\/div>\n<\/div><\/div><\/div>\n\n\n\n<section id=\"contact\" class=\"contact\">\n      <div class=\"container flex align-items-center justify-content-center\">\n        <div class=\"section-title text-center\">\n               <div class=\"row flex align-items-center justify-content-center\">\n          <div class=\"col-md-7\">\n            <div class=\"row flex align-items-center justify-content-center\">\n<div style=\" border-bottom:1px solid #e9d8a2; text-align:center\"> <\/div>\n              <div class=\"col-md-12\"> \n                <div class=\"info-box hvr-overline-from-left feature-block\"><span class=\"fb-icon color-warning feature-block\">\n<i class=\"fas fa-laptop\" style=\"background-color: #e9d8a2;color: #fff;border-radius: 50%;display: block;height: 30px;line-height: 30px;text-align: center;margin: 1rem auto;width: 30px;\"><\/i><\/span>\n                               <h3 style=\"color: #e9d8a2\">Redes Sociales<\/h3>\n                  <div class=\"social-links\">\n<a href=\"https:\/\/www.facebook.com\/andaluciaorientamijas\/\"><i class=\"fab fa-facebook-f\"><\/i><\/a><p><strong>Andaluc\u00eda Orienta<\/strong><\/p>\n<a href=\"https:\/\/www.facebook.com\/ImpulsaMijas\/\"><i class=\"fab fa-facebook-f\"><\/i><\/a><p><strong>Mijas Impulsa&nbsp;&nbsp;<\/strong><\/p>\n\n\n                  <\/div>\n                <\/div>\n              <\/div>\n              <div class=\"col-md-6\">\n                <div class=\"info-box mt-4 hvr-overline-from-left\">\n<i class=\"fas fa-envelope\" style=\"background-color: #e9d8a2;color: #fff;border-radius: 50%;display: block;height: 30px;line-height: 30px;text-align: center;margin: 1rem auto;width: 30px;\"><\/i>                  \n   <h3 style=\"color:#e9d8a2;\">E-mail<\/h3>\n                  <p><strong>promo.desa@mijas.es<\/strong><\/p>\n                <\/div>\n              <\/div>\n              <div class=\"col-md-6\">\n                <div class=\"info-box mt-4 hvr-overline-from-left\">\n<i class=\"fas fa-phone-volume\" style=\"background-color:  #e9d8a2;color: #fff;border-radius: 50%;display: block;height: 30px;line-height: 30px;text-align: center;margin: 1rem auto;width: 30px;\"><\/i>\n                   <h3 style=\"color:#e9d8a2;\">Tel\u00e9fono<\/h3>\n                  <p><strong>951 26 02 83<\/strong><\/p>\n                <\/div>\n              <\/div>\n            <\/div>\n\n          <\/div>\n\n          <div class=\"col-lg-5 flex align-items-center justify-content-center\">\n<div class=\"mapouter\">\n<div class=\"gmap_canvas\">\n\n<iframe src=\"https:\/\/www.google.com\/maps\/embed?pb=!1m18!1m12!1m3!1d1602.907327979661!2d-4.638329141746381!3d36.53446564500111!2m3!1f0!2f0!3f0!3m2!1i1024!2i768!4f13.1!3m3!1m2!1s0xd72e21c75ada5a7%3A0xe933cd9b167dd06!2sEdificio%20de%20Fomento%20de%20Empleo!5e0!3m2!1ses!2ses!4v1622033378932!5m2!1ses!2ses\" width=\"600\" height=\"450\" style=\"border:0;\" allowfullscreen=\"\" loading=\"lazy\"><\/iframe>\n<p><a href=\"https:\/\/www.embedgooglemap.net\"><\/a><\/p>\n<\/div>\n<\/div>\n<\/div>\n      <\/div>\n      <\/div>\n\n\n\n<style>\n.contact .info-box {\n  color: #444444;\n  text-align: center;\n  box-shadow: 0 0 30px rgba(214, 215, 216, 0.6);\n  padding: 20px 0 30px 0;\n}\n.contact .info-box i.bx {\n  font-size: 24px;\n  color: #ffb727;\n  border-radius: 100%;\n  padding: 15px;\n  background: #e6cf85;\n}\n.contact .info-box h3 {\n  font-size: 20px;\n  color: #777777;\n  font-weight: 700;\n  margin: 10px 0;\n}\n.contact .info-box p {\n  padding: 0;\n  line-height: 24px;\n  font-size: 13px;\n  margin-bottom: 0;\n}\n\n.contact .social-links {\n  margin-top: 15px;\n  display: flex;\n  justify-content: center;\n}\n.contact .social-links a {\n  font-size: 12px;\n  display: inline-block;\n  color: #687683;\n  line-height: 1;\n  margin: 0 5px;\n  transition: 0.3s;\n  padding: 5px;\n  border-radius: 50px;\n  border: 1px solid #dde1e4;\n}\n.contact .social-links a:hover {\n  color: #fff;\n  border-color: #e6cf85;\n  background:#e6cf85;\n}\n\n\n@-webkit-keyframes animate-loading {\n  0% {\n    transform: rotate(0deg);\n  }\n  100% {\n    transform: rotate(360deg);\n  }\n}\n@keyframes animate-loading {\n  0% {\n    transform: rotate(0deg);\n  }\n  100% {\n    transform: rotate(360deg);\n  }\n\n<\/style>\n\n\n\n<div class=\"container\">\n\t<div class=\"row\">\n\t    <div class=\"col-md-7 col-md-7 col-xs-12\">\n\t        <div class=\"user-item\">\n<img decoding=\"async\" class=\"d-block\" src=\" https:\/\/www.mijas.es\/wp-content\/uploads\/2021\/05\/edificio.png\">\n\t     \t            <div>\n\t              \t                <small>\u00c1REA DE FOMENTO DEL EMPLEO<\/small>\n\t                \t            <\/div>\n\t        <\/div>\n\t    <\/div>\n\t   \n\t    <div class=\"col-md-5 col-xs-12\">\n                <div class=\"info-box hvr-overline-from-left\">\n\n<i class=\"fas fa-location-arrow\" style=\"background-color: #e9d8a2;color: #fff;border-radius: 50%;display: block;height: 30px;line-height: 30px;text-align: center;margin: 1rem auto; width: 30px;\"><\/i>\n                               <h3 style=\"color: #e9d8a2\">Direcci\u00f3n:<\/h3>\n<p><strong>Avd. de Andaluc\u00eda, n\u00ba 3 <br>Las Lagunas-Mijas <br>29651(M\u00e1laga)<\/strong><\/p>\n\n                  <\/div><\/div><\/div>\n\n    <\/div>\n<\/div>\n\n\n\n<style>\n.user-item {\n    font-family: Verdana;\n    position: relative;\n    width: 100%;\n    cursor: pointer;\n}\n\n.user-item > img {\n    width: 100%;\n}\n\n.user-item > div small {\n    display: block;\n    color: white;\n    padding-top: 10px;\n}\n\n.user-item > div p {\n    color: #fff;\n    padding-top: 10px;\n    line-height: 16px;\n    font-size: 12px;\n}\n\n.user-item > div {\n    background: #e9d8a2;\n    bottom: -50px;\n    line-height: 16px;\n    padding: 15px 0;\n    position: absolute;\n    text-align: center;\n    width: 100%;\n    -webkit-transition: all 0.3s ease 0s;\n    -moz-transition: all 0.3s ease 0s;\n    -ms-transition: all 0.3s ease 0s;\n    -o-transition: all 0.3s ease 0s;\n    transition: all 0.3s ease 0s;\n    padding: 20px;\n}\n\n.user-item:hover > div {\n    background: #e6cf85;\n    bottom: -75px;\n    color: #649fc1;\n}\n\n.img-user {\n  padding: 4px;\n  line-height: 1.42857143;\n  background-color: #3e8e96;\n  border: 1px solid #ddd;\n}\n<\/style>\n\n\n\n<div style=\"height:100px\" aria-hidden=\"true\" class=\"wp-block-spacer\"><\/div>\n\n\n\n<div class=\"container-fluid\">\n<div class=\"row\">\n\n<div class=\"col-md-2\">\n<div style=\"float: left; margin-left: 0px;\">\n<img decoding=\"async\" class=\"wp-image-12544\" src=\" https:\/\/www.mijas.es\/wp-content\/uploads\/2021\/03\/escudo.png\" alt=\"\" class=\"img-fluid\" width=\"83\" height=\"119\"\/><\/a>\n<\/div>\n<\/div>\n\n<div class=\"col-md-10\">\n<div style=\"float: left; margin-right: 10px;\">\n\n<h3><strong>\u00c1REA DE FOMENTO DEL EMPLEO AYUNTAMIENTO DE MIJAS<\/h3><\/strong>\n<p>Avd. Andaluc\u00eda n\u00ba 3 &#8211; Las Lagunas &#8211; Mijas 29651 (M\u00e1laga)  \n<br><i class=\"fas fa-phone-volume\"><\/i> <strong>Tel\u00e9fono: <\/strong>951 26 02 83<br><i class=\"fas fa-envelope\"><\/i> <strong>E-mail: <\/strong><a href=\"mailto:promo.desa@mijas.es\">promo.desa@mijas.es<\/a>\n<\/div>\n<\/div>\n\n<\/div>\n<\/div>\n","protected":false},"excerpt":{"rendered":"","protected":false},"author":17,"featured_media":0,"parent":0,"menu_order":0,"comment_status":"closed","ping_status":"closed","template":"page-departamental.php","meta":[],"_links":{"self":[{"href":"https:\/\/www.mijas.es\/portal\/wp-json\/wp\/v2\/pages\/40132"}],"collection":[{"href":"https:\/\/www.mijas.es\/portal\/wp-json\/wp\/v2\/pages"}],"about":[{"href":"https:\/\/www.mijas.es\/portal\/wp-json\/wp\/v2\/types\/page"}],"author":[{"embeddable":true,"href":"https:\/\/www.mijas.es\/portal\/wp-json\/wp\/v2\/users\/17"}],"replies":[{"embeddable":true,"href":"https:\/\/www.mijas.es\/portal\/wp-json\/wp\/v2\/comments?post=40132"}],"version-history":[{"count":100,"href":"https:\/\/www.mijas.es\/portal\/wp-json\/wp\/v2\/pages\/40132\/revisions"}],"predecessor-version":[{"id":42677,"href":"https:\/\/www.mijas.es\/portal\/wp-json\/wp\/v2\/pages\/40132\/revisions\/42677"}],"wp:attachment":[{"href":"https:\/\/www.mijas.es\/portal\/wp-json\/wp\/v2\/media?parent=40132"}],"curies":[{"name":"wp","href":"https:\/\/api.w.org\/{rel}","templated":true}]}}