{"id":29915,"date":"2020-01-29T12:47:21","date_gmt":"2020-01-29T12:47:21","guid":{"rendered":"https:\/\/www.mijas.es\/portal\/?page_id=29915"},"modified":"2024-01-09T12:41:06","modified_gmt":"2024-01-09T11:41:06","slug":"bono-social-termico","status":"publish","type":"page","link":"https:\/\/www.mijas.es\/portal\/bono-social-termico\/","title":{"rendered":"Bono Social T\u00e9rmico"},"content":{"rendered":"\n<figure class=\"wp-block-image\"><img decoding=\"async\" width=\"825\" height=\"293\" src=\"https:\/\/www.mijas.es\/wp-content\/uploads\/2020\/01\/BonoSocialTermico.png\" alt=\"\" class=\"wp-image-29916\" srcset=\"https:\/\/www.mijas.es\/wp-content\/uploads\/2020\/01\/BonoSocialTermico.png 825w, https:\/\/www.mijas.es\/wp-content\/uploads\/2020\/01\/BonoSocialTermico-300x107.png 300w, https:\/\/www.mijas.es\/wp-content\/uploads\/2020\/01\/BonoSocialTermico-768x273.png 768w\" sizes=\"(max-width: 825px) 100vw, 825px\" \/><\/figure>\n\n\n\n<p>La reestructuraci\u00f3n del&nbsp;<a href=\"https:\/\/selectra.es\/energia\/info\/bono-social\">bono&nbsp;social&nbsp;de electricidad <\/a>ha llegado de la mano de un relevante perfeccionamiento:&nbsp;<strong>el&nbsp;bono&nbsp;social&nbsp;t\u00e9rmico<\/strong><\/p>\n\n\n\n<p>El&nbsp;<strong>bono&nbsp;social&nbsp;t\u00e9rmico<\/strong>&nbsp;es una cooperaci\u00f3n para poder hacer m\u00e1s llevaderos las facturas de la energ\u00eda que se originan a calefacci\u00f3n, agua                 caliente o cocina (es decir, las acciones b\u00e1sicas que requieren de energ\u00eda calor\u00edfica), indistintamente de que para ello se use electricidad o gas (<a rel=\"noreferrer noopener\" href=\"https:\/\/bombonabutano.com\/precio\" target=\"_blank\">bombona de butano<\/a>,&nbsp;propano a granel, gas natural o similares). El beneficio se establece mediante un cheque a los usuarios beneficiarios, cuya cantidad est\u00e1 todav\u00eda por concretar y lo gestionara cada comunidad aut\u00f3noma. La diferencia primordial respecto al&nbsp;bono&nbsp;social&nbsp;el\u00e9ctrico es que el importe del&nbsp;bono&nbsp;social&nbsp;t\u00e9rmico&nbsp;estar\u00e1 respaldado por los Presupuestos Generales.<\/p>\n\n\n\n<p>El abono exacto variar\u00e1 por la cuant\u00eda que se consigne cada a\u00f1o, se ha fijado un punto de partida de 25\u20ac con tramos que se cambiar\u00e1 en funci\u00f3n de la zona clim\u00e1tica (de menos a m\u00e1s fr\u00eda) en la que se encuentra el domicilio. Cada tramo se aumentar\u00e1 en un 60% en caso de consumidores considerados vulnerables severos.<\/p>\n\n\n\n<p>Para obtener m\u00e1s informaci\u00f3n:\u00a0\u00a0<br>Bono Social T\u00e9rmico: <a rel=\"noreferrer noopener\" href=\"https:\/\/preciogas.com\/faq\/bono-social-termico\" target=\"_blank\">https:\/\/preciogas.com\/faq\/bono-social-termico<\/a><\/p>\n\n\n\n<p>Comparador: <a rel=\"noreferrer noopener\" href=\"https:\/\/comparadorluz.com\/tarifas\/bono-social-termico\" target=\"_blank\">https:\/\/comparadorluz.com\/tarifas\/bono-social-termico<\/a><\/p>\n","protected":false},"excerpt":{"rendered":"<p>La reestructuraci\u00f3n del&nbsp;bono&nbsp;social&nbsp;de electricidad ha llegado de la mano de un relevante perfeccionamiento:&nbsp;el&nbsp;bono&nbsp;social&nbsp;t\u00e9rmico El&nbsp;bono&nbsp;social&nbsp;t\u00e9rmico&nbsp;es una cooperaci\u00f3n para poder hacer m\u00e1s llevaderos las facturas de la energ\u00eda que se originan a calefacci\u00f3n, agua caliente o cocina (es decir, las acciones b\u00e1sicas que requieren de energ\u00eda calor\u00edfica), indistintamente de que para ello se use electricidad o gas [&hellip;]<\/p>\n","protected":false},"author":6,"featured_media":0,"parent":0,"menu_order":0,"comment_status":"closed","ping_status":"closed","template":"","meta":[],"_links":{"self":[{"href":"https:\/\/www.mijas.es\/portal\/wp-json\/wp\/v2\/pages\/29915"}],"collection":[{"href":"https:\/\/www.mijas.es\/portal\/wp-json\/wp\/v2\/pages"}],"about":[{"href":"https:\/\/www.mijas.es\/portal\/wp-json\/wp\/v2\/types\/page"}],"author":[{"embeddable":true,"href":"https:\/\/www.mijas.es\/portal\/wp-json\/wp\/v2\/users\/6"}],"replies":[{"embeddable":true,"href":"https:\/\/www.mijas.es\/portal\/wp-json\/wp\/v2\/comments?post=29915"}],"version-history":[{"count":3,"href":"https:\/\/www.mijas.es\/portal\/wp-json\/wp\/v2\/pages\/29915\/revisions"}],"predecessor-version":[{"id":53445,"href":"https:\/\/www.mijas.es\/portal\/wp-json\/wp\/v2\/pages\/29915\/revisions\/53445"}],"wp:attachment":[{"href":"https:\/\/www.mijas.es\/portal\/wp-json\/wp\/v2\/media?parent=29915"}],"curies":[{"name":"wp","href":"https:\/\/api.w.org\/{rel}","templated":true}]}}